{"id":1527,"date":"2020-06-30T01:39:33","date_gmt":"2020-06-30T01:39:33","guid":{"rendered":"https:\/\/sue\u00f1azul.com\/?post_type=product&#038;p=1527"},"modified":"2020-06-30T01:39:33","modified_gmt":"2020-06-30T01:39:33","slug":"silla-erika","status":"publish","type":"product","link":"https:\/\/sue\u00f1azul.com\/?product=silla-erika","title":{"rendered":"Silla ERIKA"},"content":{"rendered":"<p>Silla de comedor en tono c\u00e1lido beige, con acabado en tela s\u00faper suave con tacto aterciopelado. A ello se a\u00f1ade que la parte trasera esta fabricada en piel sint\u00e9tica o polipiel, un detalle de gran calidad<\/p>\n<p>Combina perfectamente en ambientes actuales o comedores m\u00e1s elegantes.<\/p>\n<table class=\"table-data-sheet\">\n<tbody>\n<tr class=\"odd\">\n<td>Medidas<\/td>\n<td>\u00a0 48 X 58 X 90<\/td>\n<\/tr>\n<tr class=\"even\">\n<td>Altura asiento<\/td>\n<td>\u00a0 49<\/td>\n<\/tr>\n<tr class=\"odd\">\n<td>Peso<\/td>\n<td>\u00a0 6,5 kg<\/td>\n<\/tr>\n<\/tbody>\n<\/table>\n","protected":false},"excerpt":{"rendered":"<p>Silla de comedor en tono c\u00e1lido beige, con acabado en tela s\u00faper suave con tacto aterciopelado. A ello se a\u00f1ade que la parte trasera esta fabricada en piel sint\u00e9tica o polipiel, un detalle de gran calidad<\/p>\n<p>Combina perfectamente en ambientes actuales o comedores m\u00e1s elegantes.<\/p>\n","protected":false},"featured_media":1530,"comment_status":"open","ping_status":"closed","template":"","meta":[],"yoast_head":"<!-- This site is optimized with the Yoast SEO plugin v15.9.2 - https:\/\/yoast.com\/wordpress\/plugins\/seo\/ -->\n<title>Silla ERIKA - Sue\u00f1Azul<\/title>\n<meta name=\"robots\" content=\"index, follow, max-snippet:-1, max-image-preview:large, max-video-preview:-1\" \/>\n<link rel=\"canonical\" href=\"https:\/\/sue\u00f1azul.com\/?product=silla-erika\" \/>\n<meta property=\"og:locale\" content=\"es_ES\" \/>\n<meta property=\"og:type\" content=\"article\" \/>\n<meta property=\"og:title\" content=\"Silla ERIKA - Sue\u00f1Azul\" \/>\n<meta property=\"og:description\" content=\"Silla de comedor en tono c\u00e1lido beige, con acabado en tela s\u00faper suave con tacto aterciopelado. A ello se a\u00f1ade que la parte trasera esta fabricada en piel sint\u00e9tica o polipiel, un detalle de gran calidad  Combina perfectamente en ambientes actuales o comedores m\u00e1s elegantes.\" \/>\n<meta property=\"og:url\" content=\"https:\/\/sue\u00f1azul.com\/?product=silla-erika\" \/>\n<meta property=\"og:site_name\" content=\"Sue\u00f1Azul\" \/>\n<meta property=\"og:image\" content=\"https:\/\/sue\u00f1azul.com\/wp-content\/uploads\/2020\/06\/silla-erika-beige.jpg\" \/>\n\t<meta property=\"og:image:width\" content=\"800\" \/>\n\t<meta property=\"og:image:height\" content=\"800\" \/>\n<meta name=\"twitter:card\" content=\"summary_large_image\" \/>\n<script type=\"application\/ld+json\" class=\"yoast-schema-graph\">{\"@context\":\"https:\/\/schema.org\",\"@graph\":[{\"@type\":\"WebSite\",\"@id\":\"https:\/\/sue\\u00f1azul.com\/#website\",\"url\":\"https:\/\/sue\\u00f1azul.com\/\",\"name\":\"Sue\\u00f1Azul\",\"description\":\"Somos una empresa especializada en la venta de art\\u00edculos de descanso, sof\\u00e1s y complementos para el hogar. Destacamos por ser una de las empresas l\\u00edder del sector del mobiliario descanso.\",\"potentialAction\":[{\"@type\":\"SearchAction\",\"target\":\"https:\/\/sue\\u00f1azul.com\/?s={search_term_string}\",\"query-input\":\"required name=search_term_string\"}],\"inLanguage\":\"es\"},{\"@type\":\"ImageObject\",\"@id\":\"https:\/\/sue\\u00f1azul.com\/?product=silla-erika#primaryimage\",\"inLanguage\":\"es\",\"url\":\"https:\/\/sue\\u00f1azul.com\/wp-content\/uploads\/2020\/06\/silla-erika-beige.jpg\",\"width\":800,\"height\":800},{\"@type\":\"WebPage\",\"@id\":\"https:\/\/sue\\u00f1azul.com\/?product=silla-erika#webpage\",\"url\":\"https:\/\/sue\\u00f1azul.com\/?product=silla-erika\",\"name\":\"Silla ERIKA - Sue\\u00f1Azul\",\"isPartOf\":{\"@id\":\"https:\/\/sue\\u00f1azul.com\/#website\"},\"primaryImageOfPage\":{\"@id\":\"https:\/\/sue\\u00f1azul.com\/?product=silla-erika#primaryimage\"},\"datePublished\":\"2020-06-30T01:39:33+00:00\",\"dateModified\":\"2020-06-30T01:39:33+00:00\",\"breadcrumb\":{\"@id\":\"https:\/\/sue\\u00f1azul.com\/?product=silla-erika#breadcrumb\"},\"inLanguage\":\"es\",\"potentialAction\":[{\"@type\":\"ReadAction\",\"target\":[\"https:\/\/sue\\u00f1azul.com\/?product=silla-erika\"]}]},{\"@type\":\"BreadcrumbList\",\"@id\":\"https:\/\/sue\\u00f1azul.com\/?product=silla-erika#breadcrumb\",\"itemListElement\":[{\"@type\":\"ListItem\",\"position\":1,\"item\":{\"@type\":\"WebPage\",\"@id\":\"https:\/\/sue\\u00f1azul.com\/\",\"url\":\"https:\/\/sue\\u00f1azul.com\/\",\"name\":\"Portada\"}},{\"@type\":\"ListItem\",\"position\":2,\"item\":{\"@type\":\"WebPage\",\"@id\":\"https:\/\/sue\\u00f1azul.com\/?page_id=264\",\"url\":\"https:\/\/sue\\u00f1azul.com\/?page_id=264\",\"name\":\"Tienda\"}},{\"@type\":\"ListItem\",\"position\":3,\"item\":{\"@type\":\"WebPage\",\"@id\":\"https:\/\/sue\\u00f1azul.com\/?product=silla-erika\",\"url\":\"https:\/\/sue\\u00f1azul.com\/?product=silla-erika\",\"name\":\"Silla ERIKA\"}}]}]}<\/script>\n<!-- \/ Yoast SEO plugin. -->","_links":{"self":[{"href":"https:\/\/sue\u00f1azul.com\/index.php?rest_route=\/wp\/v2\/product\/1527"}],"collection":[{"href":"https:\/\/sue\u00f1azul.com\/index.php?rest_route=\/wp\/v2\/product"}],"about":[{"href":"https:\/\/sue\u00f1azul.com\/index.php?rest_route=\/wp\/v2\/types\/product"}],"replies":[{"embeddable":true,"href":"https:\/\/sue\u00f1azul.com\/index.php?rest_route=%2Fwp%2Fv2%2Fcomments&post=1527"}],"wp:featuredmedia":[{"embeddable":true,"href":"https:\/\/sue\u00f1azul.com\/index.php?rest_route=\/wp\/v2\/media\/1530"}],"wp:attachment":[{"href":"https:\/\/sue\u00f1azul.com\/index.php?rest_route=%2Fwp%2Fv2%2Fmedia&parent=1527"}],"curies":[{"name":"wp","href":"https:\/\/api.w.org\/{rel}","templated":true}]}}