{"id":3670,"date":"2020-09-18T19:36:20","date_gmt":"2020-09-18T19:36:20","guid":{"rendered":"https:\/\/sue\u00f1azul.com\/?post_type=product&#038;p=3670"},"modified":"2020-09-18T19:36:21","modified_gmt":"2020-09-18T19:36:21","slug":"lampara-de-techo-costur","status":"publish","type":"product","link":"https:\/\/sue\u00f1azul.com\/?product=lampara-de-techo-costur","title":{"rendered":"L\u00e1mpara de techo COSTUR"},"content":{"rendered":"<p>L\u00e1mpara techo dise\u00f1o finas\u00a0laminas metal en color gris mate, con doble cuerpo de diferente di\u00e1metro. Puede combinar con decoraciones industriales.<\/p>\n<p>La pantalla tiene un di\u00e1metro de 25 cm y una altura de 40 cm.<\/p>\n<p>Cable a techo de 150 cm de largo, con pletina met\u00e1lica a techo de 10 cm.<\/p>\n<p>Tipo bombilla: 220\/240 E27. Potencia m\u00e1xima 40W (bombilla no suministrada).<\/p>\n<table class=\"table-data-sheet\">\n<tbody>\n<tr class=\"odd\">\n<td>Medidas Pantalla<\/td>\n<td>\u00a0 \u00f8 25 x 40 cm<\/td>\n<\/tr>\n<tr class=\"even\">\n<td>Peso<\/td>\n<td>\u00a0 2,6 kg<\/td>\n<\/tr>\n<\/tbody>\n<\/table>\n","protected":false},"excerpt":{"rendered":"<p>L\u00e1mpara techo dise\u00f1o finas\u00a0laminas metal en color gris mate, con doble cuerpo de diferente di\u00e1metro. Puede combinar con decoraciones industriales.<\/p>\n<p>La pantalla tiene un di\u00e1metro de 25 cm y una altura de 40 cm.<\/p>\n<p>Cable a techo de 150 cm de largo, con pletina met\u00e1lica a techo de 10 cm.<\/p>\n<p>Tipo bombilla: 220\/240 E27. Potencia m\u00e1xima 40W (bombilla no suministrada).<\/p>\n","protected":false},"featured_media":3671,"comment_status":"open","ping_status":"closed","template":"","meta":[],"yoast_head":"<!-- This site is optimized with the Yoast SEO plugin v15.9.2 - https:\/\/yoast.com\/wordpress\/plugins\/seo\/ -->\n<title>L\u00e1mpara de techo COSTUR - Sue\u00f1Azul<\/title>\n<meta name=\"robots\" content=\"index, follow, max-snippet:-1, max-image-preview:large, max-video-preview:-1\" \/>\n<link rel=\"canonical\" href=\"https:\/\/sue\u00f1azul.com\/?product=lampara-de-techo-costur\" \/>\n<meta property=\"og:locale\" content=\"es_ES\" \/>\n<meta property=\"og:type\" content=\"article\" \/>\n<meta property=\"og:title\" content=\"L\u00e1mpara de techo COSTUR - Sue\u00f1Azul\" \/>\n<meta property=\"og:description\" content=\"L\u00e1mpara techo dise\u00f1o finas\u00a0laminas metal en color gris mate, con doble cuerpo de diferente di\u00e1metro. Puede combinar con decoraciones industriales.  La pantalla tiene un di\u00e1metro de 25 cm y una altura de 40 cm.  Cable a techo de 150 cm de largo, con pletina met\u00e1lica a techo de 10 cm.  Tipo bombilla: 220\/240 E27. Potencia m\u00e1xima 40W (bombilla no suministrada).\" \/>\n<meta property=\"og:url\" content=\"https:\/\/sue\u00f1azul.com\/?product=lampara-de-techo-costur\" \/>\n<meta property=\"og:site_name\" content=\"Sue\u00f1Azul\" \/>\n<meta property=\"article:modified_time\" content=\"2020-09-18T19:36:21+00:00\" \/>\n<meta property=\"og:image\" content=\"https:\/\/sue\u00f1azul.com\/wp-content\/uploads\/2020\/09\/lampara-techo-costur-gris.jpg\" \/>\n\t<meta property=\"og:image:width\" content=\"800\" \/>\n\t<meta property=\"og:image:height\" content=\"800\" \/>\n<meta name=\"twitter:card\" content=\"summary_large_image\" \/>\n<script type=\"application\/ld+json\" class=\"yoast-schema-graph\">{\"@context\":\"https:\/\/schema.org\",\"@graph\":[{\"@type\":\"WebSite\",\"@id\":\"https:\/\/sue\\u00f1azul.com\/#website\",\"url\":\"https:\/\/sue\\u00f1azul.com\/\",\"name\":\"Sue\\u00f1Azul\",\"description\":\"Somos una empresa especializada en la venta de art\\u00edculos de descanso, sof\\u00e1s y complementos para el hogar. Destacamos por ser una de las empresas l\\u00edder del sector del mobiliario descanso.\",\"potentialAction\":[{\"@type\":\"SearchAction\",\"target\":\"https:\/\/sue\\u00f1azul.com\/?s={search_term_string}\",\"query-input\":\"required name=search_term_string\"}],\"inLanguage\":\"es\"},{\"@type\":\"ImageObject\",\"@id\":\"https:\/\/sue\\u00f1azul.com\/?product=lampara-de-techo-costur#primaryimage\",\"inLanguage\":\"es\",\"url\":\"https:\/\/sue\\u00f1azul.com\/wp-content\/uploads\/2020\/09\/lampara-techo-costur-gris.jpg\",\"width\":800,\"height\":800},{\"@type\":\"WebPage\",\"@id\":\"https:\/\/sue\\u00f1azul.com\/?product=lampara-de-techo-costur#webpage\",\"url\":\"https:\/\/sue\\u00f1azul.com\/?product=lampara-de-techo-costur\",\"name\":\"L\\u00e1mpara de techo COSTUR - Sue\\u00f1Azul\",\"isPartOf\":{\"@id\":\"https:\/\/sue\\u00f1azul.com\/#website\"},\"primaryImageOfPage\":{\"@id\":\"https:\/\/sue\\u00f1azul.com\/?product=lampara-de-techo-costur#primaryimage\"},\"datePublished\":\"2020-09-18T19:36:20+00:00\",\"dateModified\":\"2020-09-18T19:36:21+00:00\",\"breadcrumb\":{\"@id\":\"https:\/\/sue\\u00f1azul.com\/?product=lampara-de-techo-costur#breadcrumb\"},\"inLanguage\":\"es\",\"potentialAction\":[{\"@type\":\"ReadAction\",\"target\":[\"https:\/\/sue\\u00f1azul.com\/?product=lampara-de-techo-costur\"]}]},{\"@type\":\"BreadcrumbList\",\"@id\":\"https:\/\/sue\\u00f1azul.com\/?product=lampara-de-techo-costur#breadcrumb\",\"itemListElement\":[{\"@type\":\"ListItem\",\"position\":1,\"item\":{\"@type\":\"WebPage\",\"@id\":\"https:\/\/sue\\u00f1azul.com\/\",\"url\":\"https:\/\/sue\\u00f1azul.com\/\",\"name\":\"Portada\"}},{\"@type\":\"ListItem\",\"position\":2,\"item\":{\"@type\":\"WebPage\",\"@id\":\"https:\/\/sue\\u00f1azul.com\/?page_id=264\",\"url\":\"https:\/\/sue\\u00f1azul.com\/?page_id=264\",\"name\":\"Tienda\"}},{\"@type\":\"ListItem\",\"position\":3,\"item\":{\"@type\":\"WebPage\",\"@id\":\"https:\/\/sue\\u00f1azul.com\/?product=lampara-de-techo-costur\",\"url\":\"https:\/\/sue\\u00f1azul.com\/?product=lampara-de-techo-costur\",\"name\":\"L\\u00e1mpara de techo COSTUR\"}}]}]}<\/script>\n<!-- \/ Yoast SEO plugin. -->","_links":{"self":[{"href":"https:\/\/sue\u00f1azul.com\/index.php?rest_route=\/wp\/v2\/product\/3670"}],"collection":[{"href":"https:\/\/sue\u00f1azul.com\/index.php?rest_route=\/wp\/v2\/product"}],"about":[{"href":"https:\/\/sue\u00f1azul.com\/index.php?rest_route=\/wp\/v2\/types\/product"}],"replies":[{"embeddable":true,"href":"https:\/\/sue\u00f1azul.com\/index.php?rest_route=%2Fwp%2Fv2%2Fcomments&post=3670"}],"wp:featuredmedia":[{"embeddable":true,"href":"https:\/\/sue\u00f1azul.com\/index.php?rest_route=\/wp\/v2\/media\/3671"}],"wp:attachment":[{"href":"https:\/\/sue\u00f1azul.com\/index.php?rest_route=%2Fwp%2Fv2%2Fmedia&parent=3670"}],"curies":[{"name":"wp","href":"https:\/\/api.w.org\/{rel}","templated":true}]}}