{"id":8424,"date":"2020-11-16T01:36:45","date_gmt":"2020-11-16T01:36:45","guid":{"rendered":"https:\/\/sue\u00f1azul.com\/?post_type=product&#038;p=8424"},"modified":"2020-11-16T01:39:07","modified_gmt":"2020-11-16T01:39:07","slug":"sofa-orion","status":"publish","type":"product","link":"https:\/\/sue\u00f1azul.com\/?product=sofa-orion","title":{"rendered":"Sof\u00e1 ORI\u00d3N"},"content":{"rendered":"<p>-Se fabrica a medida. Opci\u00f3n de fabricar en dos plazas, tres plazas o chaiselongue.<\/p>\n<p>-Composici\u00f3n: Asientos: Espuma suave de 28kg. Rellenos: Fibra 100%. Pata: Tubo met\u00e1lico. Respaldos: Reclinables. Asientos extra\u00edbles.<\/p>\n<p>&nbsp;<\/p>\n","protected":false},"excerpt":{"rendered":"<p>-Se fabrica a medida. Opci\u00f3n de fabricar en dos plazas, tres plazas o chaiselongue.<\/p>\n<p>-Composici\u00f3n: Asientos: Espuma suave de 28kg. Rellenos: Fibra 100%. Pata: Tubo met\u00e1lico. Respaldos: Reclinables. Asientos extra\u00edbles.<\/p>\n<h3><strong>Consultar precio seg\u00fan medida<\/strong><\/h3>\n","protected":false},"featured_media":8425,"comment_status":"open","ping_status":"closed","template":"","meta":[],"yoast_head":"<!-- This site is optimized with the Yoast SEO plugin v15.9.2 - https:\/\/yoast.com\/wordpress\/plugins\/seo\/ -->\n<title>Sof\u00e1 ORI\u00d3N - Sue\u00f1Azul<\/title>\n<meta name=\"robots\" content=\"index, follow, max-snippet:-1, max-image-preview:large, max-video-preview:-1\" \/>\n<link rel=\"canonical\" href=\"https:\/\/sue\u00f1azul.com\/?product=sofa-orion\" \/>\n<meta property=\"og:locale\" content=\"es_ES\" \/>\n<meta property=\"og:type\" content=\"article\" \/>\n<meta property=\"og:title\" content=\"Sof\u00e1 ORI\u00d3N - Sue\u00f1Azul\" \/>\n<meta property=\"og:description\" content=\"-Se fabrica a medida. Opci\u00f3n de fabricar en dos plazas, tres plazas o chaiselongue.  -Composici\u00f3n: Asientos: Espuma suave de 28kg. Rellenos: Fibra 100%. Pata: Tubo met\u00e1lico. Respaldos: Reclinables. Asientos extra\u00edbles. Consultar precio seg\u00fan medida\" \/>\n<meta property=\"og:url\" content=\"https:\/\/sue\u00f1azul.com\/?product=sofa-orion\" \/>\n<meta property=\"og:site_name\" content=\"Sue\u00f1Azul\" \/>\n<meta property=\"article:modified_time\" content=\"2020-11-16T01:39:07+00:00\" \/>\n<meta property=\"og:image\" content=\"https:\/\/sue\u00f1azul.com\/wp-content\/uploads\/2020\/11\/c5ecf64a-b427-46e9-a019-af1945d33288.jpg\" \/>\n\t<meta property=\"og:image:width\" content=\"828\" \/>\n\t<meta property=\"og:image:height\" content=\"751\" \/>\n<meta name=\"twitter:card\" content=\"summary_large_image\" \/>\n<script type=\"application\/ld+json\" class=\"yoast-schema-graph\">{\"@context\":\"https:\/\/schema.org\",\"@graph\":[{\"@type\":\"WebSite\",\"@id\":\"https:\/\/sue\\u00f1azul.com\/#website\",\"url\":\"https:\/\/sue\\u00f1azul.com\/\",\"name\":\"Sue\\u00f1Azul\",\"description\":\"Somos una empresa especializada en la venta de art\\u00edculos de descanso, sof\\u00e1s y complementos para el hogar. Destacamos por ser una de las empresas l\\u00edder del sector del mobiliario descanso.\",\"potentialAction\":[{\"@type\":\"SearchAction\",\"target\":\"https:\/\/sue\\u00f1azul.com\/?s={search_term_string}\",\"query-input\":\"required name=search_term_string\"}],\"inLanguage\":\"es\"},{\"@type\":\"ImageObject\",\"@id\":\"https:\/\/sue\\u00f1azul.com\/?product=sofa-orion#primaryimage\",\"inLanguage\":\"es\",\"url\":\"https:\/\/sue\\u00f1azul.com\/wp-content\/uploads\/2020\/11\/c5ecf64a-b427-46e9-a019-af1945d33288.jpg\",\"width\":828,\"height\":751},{\"@type\":\"WebPage\",\"@id\":\"https:\/\/sue\\u00f1azul.com\/?product=sofa-orion#webpage\",\"url\":\"https:\/\/sue\\u00f1azul.com\/?product=sofa-orion\",\"name\":\"Sof\\u00e1 ORI\\u00d3N - Sue\\u00f1Azul\",\"isPartOf\":{\"@id\":\"https:\/\/sue\\u00f1azul.com\/#website\"},\"primaryImageOfPage\":{\"@id\":\"https:\/\/sue\\u00f1azul.com\/?product=sofa-orion#primaryimage\"},\"datePublished\":\"2020-11-16T01:36:45+00:00\",\"dateModified\":\"2020-11-16T01:39:07+00:00\",\"breadcrumb\":{\"@id\":\"https:\/\/sue\\u00f1azul.com\/?product=sofa-orion#breadcrumb\"},\"inLanguage\":\"es\",\"potentialAction\":[{\"@type\":\"ReadAction\",\"target\":[\"https:\/\/sue\\u00f1azul.com\/?product=sofa-orion\"]}]},{\"@type\":\"BreadcrumbList\",\"@id\":\"https:\/\/sue\\u00f1azul.com\/?product=sofa-orion#breadcrumb\",\"itemListElement\":[{\"@type\":\"ListItem\",\"position\":1,\"item\":{\"@type\":\"WebPage\",\"@id\":\"https:\/\/sue\\u00f1azul.com\/\",\"url\":\"https:\/\/sue\\u00f1azul.com\/\",\"name\":\"Portada\"}},{\"@type\":\"ListItem\",\"position\":2,\"item\":{\"@type\":\"WebPage\",\"@id\":\"https:\/\/sue\\u00f1azul.com\/?page_id=264\",\"url\":\"https:\/\/sue\\u00f1azul.com\/?page_id=264\",\"name\":\"Tienda\"}},{\"@type\":\"ListItem\",\"position\":3,\"item\":{\"@type\":\"WebPage\",\"@id\":\"https:\/\/sue\\u00f1azul.com\/?product=sofa-orion\",\"url\":\"https:\/\/sue\\u00f1azul.com\/?product=sofa-orion\",\"name\":\"Sof\\u00e1 ORI\\u00d3N\"}}]}]}<\/script>\n<!-- \/ Yoast SEO plugin. -->","_links":{"self":[{"href":"https:\/\/sue\u00f1azul.com\/index.php?rest_route=\/wp\/v2\/product\/8424"}],"collection":[{"href":"https:\/\/sue\u00f1azul.com\/index.php?rest_route=\/wp\/v2\/product"}],"about":[{"href":"https:\/\/sue\u00f1azul.com\/index.php?rest_route=\/wp\/v2\/types\/product"}],"replies":[{"embeddable":true,"href":"https:\/\/sue\u00f1azul.com\/index.php?rest_route=%2Fwp%2Fv2%2Fcomments&post=8424"}],"wp:featuredmedia":[{"embeddable":true,"href":"https:\/\/sue\u00f1azul.com\/index.php?rest_route=\/wp\/v2\/media\/8425"}],"wp:attachment":[{"href":"https:\/\/sue\u00f1azul.com\/index.php?rest_route=%2Fwp%2Fv2%2Fmedia&parent=8424"}],"curies":[{"name":"wp","href":"https:\/\/api.w.org\/{rel}","templated":true}]}}